{"id":2506,"date":"2024-01-17T20:44:02","date_gmt":"2024-01-17T19:44:02","guid":{"rendered":"https:\/\/vincenzodellavecchia.it\/?page_id=2506"},"modified":"2025-05-29T20:28:55","modified_gmt":"2025-05-29T18:28:55","slug":"aristarco-misura-il-sole-e-la-luna","status":"publish","type":"page","link":"https:\/\/vincenzodellavecchia.it\/en_us\/pillole-astronomiche\/aristarco-misura-il-sole-e-la-luna\/","title":{"rendered":"Aristarco misura il Sole e la Luna"},"content":{"rendered":"<div class=\"fusion-fullwidth fullwidth-box fusion-builder-row-1 fusion-flex-container has-pattern-background has-mask-background nonhundred-percent-fullwidth non-hundred-percent-height-scrolling\" style=\"--awb-border-radius-top-left:0px;--awb-border-radius-top-right:0px;--awb-border-radius-bottom-right:0px;--awb-border-radius-bottom-left:0px;--awb-flex-wrap:wrap;\" ><div class=\"fusion-builder-row fusion-row fusion-flex-align-items-flex-start fusion-flex-content-wrap\" style=\"max-width:1092px;margin-left: calc(-4% \/ 2 );margin-right: calc(-4% \/ 2 );\"><div class=\"fusion-layout-column fusion_builder_column fusion-builder-column-0 fusion_builder_column_1_1 1_1 fusion-flex-column\" style=\"--awb-bg-size:cover;--awb-width-large:100%;--awb-margin-top-large:0px;--awb-spacing-right-large:1.92%;--awb-margin-bottom-large:50px;--awb-spacing-left-large:1.92%;--awb-width-medium:100%;--awb-order-medium:0;--awb-spacing-right-medium:1.92%;--awb-spacing-left-medium:1.92%;--awb-width-small:100%;--awb-order-small:0;--awb-spacing-right-small:1.92%;--awb-spacing-left-small:1.92%;\"><div class=\"fusion-column-wrapper fusion-column-has-shadow fusion-flex-justify-content-flex-start fusion-content-layout-column\"><div class=\"fusion-text fusion-text-1\" style=\"--awb-text-font-family:&quot;Raleway&quot;;--awb-text-font-style:normal;--awb-text-font-weight:400;\"><p>Aristarco di Samo (ca. 310 a.C. circa \u2013 ca. 230 a.C.) \u00e8 generalmente ricordato come uno dei pochissimi sostenitori dell&#8217;eliocentrismo nell&#8217;antichit\u00e0. Tuttavia, questa notizia ci viene riportata -abbastanza vagamente- da Archimede e Plutarco, e non sappiamo molto degli argomenti che Aristarco usava per sostenere la sua ipotesi, rigettata come inutilmente artificiosa da altri sommi quali Ipparco e Tolomeo. <\/p>\n<p>Di Aristarco ci \u00e8 invece pervenuto intero il trattato <i>Delle dimensioni e distanze del Sole e della Luna<\/i>, si tratta di poche decine di tostissime pagine nelle quali emerge in tutta la sua bellezza il genio greco, capace di misurare il Sistema Solare con il solo potere del ragionamento. <\/p>\n<p>Uno degli strumenti di cui si disponeva all&#8217;epoca era la diottra, in varie versioni, che si utilizzava per misurare gli angoli. Con uno strumento simile, Aristarco aveva stabilito che quando la Luna appariva al quarto, allora dista dal Sole circa 87\u00b0 (v. figura). <\/p>\n<\/div><div class=\"fusion-image-element\" style=\"text-align:center;--awb-caption-title-font-family:var(--h2_typography-font-family);--awb-caption-title-font-weight:var(--h2_typography-font-weight);--awb-caption-title-font-style:var(--h2_typography-font-style);--awb-caption-title-size:var(--h2_typography-font-size);--awb-caption-title-transform:var(--h2_typography-text-transform);--awb-caption-title-line-height:var(--h2_typography-line-height);--awb-caption-title-letter-spacing:var(--h2_typography-letter-spacing);\"><span class=\"fusion-imageframe imageframe-none imageframe-1 hover-type-none\"><img decoding=\"async\" width=\"853\" height=\"650\" title=\"Aristarco 2\" src=\"https:\/\/vincenzodellavecchia.it\/wp-content\/uploads\/2024\/01\/Aristarco-2.jpg\" data-orig-src=\"https:\/\/vincenzodellavecchia.it\/wp-content\/uploads\/2024\/01\/Aristarco-2.jpg\" alt class=\"lazyload img-responsive wp-image-2509\" srcset=\"data:image\/svg+xml,%3Csvg%20xmlns%3D%27http%3A%2F%2Fwww.w3.org%2F2000%2Fsvg%27%20width%3D%27853%27%20height%3D%27650%27%20viewBox%3D%270%200%20853%20650%27%3E%3Crect%20width%3D%27853%27%20height%3D%27650%27%20fill-opacity%3D%220%22%2F%3E%3C%2Fsvg%3E\" data-srcset=\"https:\/\/vincenzodellavecchia.it\/wp-content\/uploads\/2024\/01\/Aristarco-2-200x152.jpg 200w, https:\/\/vincenzodellavecchia.it\/wp-content\/uploads\/2024\/01\/Aristarco-2-400x305.jpg 400w, https:\/\/vincenzodellavecchia.it\/wp-content\/uploads\/2024\/01\/Aristarco-2-600x457.jpg 600w, https:\/\/vincenzodellavecchia.it\/wp-content\/uploads\/2024\/01\/Aristarco-2-800x610.jpg 800w, https:\/\/vincenzodellavecchia.it\/wp-content\/uploads\/2024\/01\/Aristarco-2.jpg 853w\" data-sizes=\"auto\" data-orig-sizes=\"(max-width: 1024px) 100vw, (max-width: 1024px) 100vw, 853px\" \/><\/span><\/div><div class=\"fusion-text fusion-text-2\" style=\"--awb-text-font-family:&quot;Raleway&quot;;--awb-text-font-style:normal;--awb-text-font-weight:400;\"><p>Ora, sfruttando una costruzione come quella della seconda figura (sostanzialmente vera anche oggi), Aristarco risolse di fatto il triangolo Sole-Terra-Luna, che dev&#8217;essere retto in L per l&#8217;ipotesi fatta di Luna in quadratura. In termini moderni, diremmo che il rapporto tra la distanza LT (Terra-Luna) e la distanza ST (Sole-Terra) \u00e8 pari a sin 3\u00b0, ma Aristarco non conosceva la trigonometria (per la buona ragione che non esisteva) e attraverso tortuosi passaggi giunse a stabilire che il rapporto ST\/LT era pari a circa 20. Ossia, che il Sole dista venti volte da noi pi\u00f9 che noi dalla Luna (il valore vero \u00e8 circa 400).<\/p>\n<p>Il ragionamento \u00e8 ineccepibile, ma risultato \u00e8 errato di circa 20 volte per la difficolt\u00e0 nella misura dell&#8217;elongazione lunare, che il realt\u00e0 -per la grandissima distanza del Sole- \u00e8 un angolo praticamente retto e pari a circa 89,5\u00b0. N\u00e9 \u00e8 possibile escludere che Aristarco, da vero scienziato greco, desse pi\u00f9 importanza alle dimostrazioni che non all&#8217;accuratezza delle misure.<\/p>\n<p>Ma non \u00e8 finita qui: visto che dalle eclissi totali di Sole si sapeva che il diametro apparente del Sole e della Luna \u00e8 circa uguale, Aristarco poteva dedurre correttamente dalla sue premesse che il Sole \u00e8 circa 20 volte pi\u00f9 grande della Luna, pi\u00f9 di due millenni fa e senza nessuno strumento ottico.<\/p><\/p>\n<\/div><div class=\"fusion-image-element\" style=\"--awb-caption-title-font-family:var(--h2_typography-font-family);--awb-caption-title-font-weight:var(--h2_typography-font-weight);--awb-caption-title-font-style:var(--h2_typography-font-style);--awb-caption-title-size:var(--h2_typography-font-size);--awb-caption-title-transform:var(--h2_typography-text-transform);--awb-caption-title-line-height:var(--h2_typography-line-height);--awb-caption-title-letter-spacing:var(--h2_typography-letter-spacing);\"><span class=\"fusion-imageframe imageframe-none imageframe-2 hover-type-none\"><img decoding=\"async\" width=\"2560\" height=\"1138\" title=\"Aristarco-1\" src=\"https:\/\/vincenzodellavecchia.it\/wp-content\/uploads\/2024\/01\/Aristarco-1-1-scaled.jpg\" data-orig-src=\"https:\/\/vincenzodellavecchia.it\/wp-content\/uploads\/2024\/01\/Aristarco-1-1-scaled.jpg\" alt class=\"lazyload img-responsive wp-image-2510\" srcset=\"data:image\/svg+xml,%3Csvg%20xmlns%3D%27http%3A%2F%2Fwww.w3.org%2F2000%2Fsvg%27%20width%3D%272560%27%20height%3D%271138%27%20viewBox%3D%270%200%202560%201138%27%3E%3Crect%20width%3D%272560%27%20height%3D%271138%27%20fill-opacity%3D%220%22%2F%3E%3C%2Fsvg%3E\" data-srcset=\"https:\/\/vincenzodellavecchia.it\/wp-content\/uploads\/2024\/01\/Aristarco-1-1-200x89.jpg 200w, https:\/\/vincenzodellavecchia.it\/wp-content\/uploads\/2024\/01\/Aristarco-1-1-400x178.jpg 400w, https:\/\/vincenzodellavecchia.it\/wp-content\/uploads\/2024\/01\/Aristarco-1-1-600x267.jpg 600w, https:\/\/vincenzodellavecchia.it\/wp-content\/uploads\/2024\/01\/Aristarco-1-1-800x356.jpg 800w, https:\/\/vincenzodellavecchia.it\/wp-content\/uploads\/2024\/01\/Aristarco-1-1-1200x533.jpg 1200w, https:\/\/vincenzodellavecchia.it\/wp-content\/uploads\/2024\/01\/Aristarco-1-1-scaled.jpg 2560w\" data-sizes=\"auto\" data-orig-sizes=\"(max-width: 1024px) 100vw, (max-width: 1024px) 100vw, 1200px\" \/><\/span><\/div><div class=\"fusion-text fusion-text-3\" style=\"--awb-text-font-family:&quot;Raleway&quot;;--awb-text-font-style:normal;--awb-text-font-weight:400;\"><p>La figura seguente \u00e8 una descrizione moderna, ma rende conto delle idee alla base dei ragionamenti dell&#8217;astronomo greco, molto pi\u00f9 complessi di quanto illustro qui.<\/p>\n<p>Abbiamo visto che Aristarco stim\u00f2 il rapporto dS\/dL misurando la distanza angolare della Luna dal Sole alle quadrature, rapporto risultato pari a circa 20. Finch\u00e9 sono nel cielo ognuno per proprio conto, era difficile comprendere le proporzioni relative di Sole, Terra e Luna, e dunque la chiave per avere un&#8217;idea delle loro dimensioni era sfruttare il momento preciso in cui i tre corpi celesti sono allineati: le eclissi.<\/p><\/p>\n<\/div><div class=\"fusion-image-element\" style=\"--awb-caption-title-font-family:var(--h2_typography-font-family);--awb-caption-title-font-weight:var(--h2_typography-font-weight);--awb-caption-title-font-style:var(--h2_typography-font-style);--awb-caption-title-size:var(--h2_typography-font-size);--awb-caption-title-transform:var(--h2_typography-text-transform);--awb-caption-title-line-height:var(--h2_typography-line-height);--awb-caption-title-letter-spacing:var(--h2_typography-letter-spacing);\"><span class=\"fusion-imageframe imageframe-none imageframe-3 hover-type-none\"><img decoding=\"async\" width=\"1674\" height=\"617\" title=\"Aristarco 3\" src=\"https:\/\/vincenzodellavecchia.it\/wp-content\/uploads\/2024\/01\/Aristarco-3.jpg\" data-orig-src=\"https:\/\/vincenzodellavecchia.it\/wp-content\/uploads\/2024\/01\/Aristarco-3.jpg\" alt class=\"lazyload img-responsive wp-image-2513\" srcset=\"data:image\/svg+xml,%3Csvg%20xmlns%3D%27http%3A%2F%2Fwww.w3.org%2F2000%2Fsvg%27%20width%3D%271674%27%20height%3D%27617%27%20viewBox%3D%270%200%201674%20617%27%3E%3Crect%20width%3D%271674%27%20height%3D%27617%27%20fill-opacity%3D%220%22%2F%3E%3C%2Fsvg%3E\" data-srcset=\"https:\/\/vincenzodellavecchia.it\/wp-content\/uploads\/2024\/01\/Aristarco-3-200x74.jpg 200w, https:\/\/vincenzodellavecchia.it\/wp-content\/uploads\/2024\/01\/Aristarco-3-400x147.jpg 400w, https:\/\/vincenzodellavecchia.it\/wp-content\/uploads\/2024\/01\/Aristarco-3-600x221.jpg 600w, https:\/\/vincenzodellavecchia.it\/wp-content\/uploads\/2024\/01\/Aristarco-3-800x295.jpg 800w, https:\/\/vincenzodellavecchia.it\/wp-content\/uploads\/2024\/01\/Aristarco-3-1200x442.jpg 1200w, https:\/\/vincenzodellavecchia.it\/wp-content\/uploads\/2024\/01\/Aristarco-3.jpg 1674w\" data-sizes=\"auto\" data-orig-sizes=\"(max-width: 1024px) 100vw, (max-width: 1024px) 100vw, 1200px\" \/><\/span><\/div><div class=\"fusion-text fusion-text-4\" style=\"--awb-text-font-family:&quot;Raleway&quot;;--awb-text-font-style:normal;--awb-text-font-weight:400;\"><p>Chiunque osservi un&#8217;eclisse parziale di Luna, nota che la porzione del nostro satellite in ombra \u00e8 un segmento circolare, il cui diametro angolare si pu\u00f2 comparare alla Luna. Appunto dalle osservazioni di queste eclissi Aristarco aveva stimato che il nostro satellite era angolarmente circa la met\u00e0 del cono d&#8217;ombra terrestre alla distanza della Luna. In altri termini, aveva misurato l&#8217;angolo in rosso alla destra nella figura, relativa a una eclisse lunare totale.<\/p>\n<p>Ora, si sa che gli angoli in rosso, sommati, danno lo stesso valore degli angoli in verde, perch\u00e9 queste coppie sono entrambe supplementari dell&#8217;angolo in arancio. Visto che l&#8217;angolo in rosso a sinistra \u00e8 il diametro apparente del Sole, facile da misurare, conosciamo in altre parole la somma dei piccoli angoli in verde. Anche il loro rapporto \u00e8 noto: infatti, detti theta1 e theta2 i due angoli verdi (misurati in radianti) rT pu\u00f2 essere espresso sia come dS*theta1 o dL*theta2,  da cui segue che theta2\/theta1=dS\/dL=20. Essendone noti somma e rapporto (due equazioni lineari in due incognite), abbiamo tutto quanto occorre per stimare il valore dei due piccoli angoli verdi, che sono particolarmente interessanti insieme ai due triangoli rettangoli che li contengono. In termini moderni, la cotangente dell&#8217;angolo in verde pi\u00f9 a sinistra rappresenta infatti il rapporto tra dS e rT (distanza del Sole in termini di raggio terrestre) e parimenti l&#8217;altro angolo verde, che rappresenta la distanza della Luna misurata in termini di raggio terrestre.<\/p>\n<p>Con l&#8217;uso della trigonometria, o dei complicati passaggi di Aristarco che non la conosceva, possiamo dunque iniziare a misurare il Sistema Solare in termini di raggio terrestre, il cui valore non era ancora noto a quei tempi. In particolare, possiamo calcolare il rapporto tra dL e rT, e parimenti tra dS e rT. Finalmente, Aristarco poteva concludere che la Luna dista circa 20 raggi terrestri da noi, e il Sole circa venti volte tanto, per l&#8217;esattezza 380 raggi terrestri.<\/p>\n<p>Visto che conosciamo le dimensioni apparenti, uguali, del Sole e della Luna, e le loro distanze in termini di raggio terrestre, usando costruzioni geometriche simili a quella sopra \u00e8 possibile esprimerne anche le dimensioni in termini di raggio terrestre. Cos\u00ec Aristarco tenne fede al nome del suo trattato calcolando che il raggio della Luna \u00e8 circa 1\/3 del raggio terrestre, mentre il Sole misura circa 6.7 raggi terrestri.<\/p>\n<p>I valori moderni sono circa 0.25 e 109, quindi mentre le dimensioni della Luna erano calcolate in modo accettabile, quelle del Sole erano gravemente sottostimate. Questo non solo per l&#8217;errore nella stima del famoso angolo di 87\u00b0 di cui abbiamo parlato in precedenza (ampiamente scusabile), ma anche perch\u00e9, stranamente, Aristarco stim\u00f2 a 1\u00b0 le dimensioni apparenti del Sole e della Luna, mentre il valore vero \u00e8 circa la met\u00e0. Dico stranamente perch\u00e9 questo valore era abbastanza facile da misurare, anche per l&#8217;epoca. <\/p>\n<p>Gli errori di misura sono tuttavia secondari nel nostro discorso, visto che il procedimento di Aristarco \u00e8 perfettamente corretto e restituisce risultati molto pi\u00f9 precisi se si usano in ingresso valori migliori.<\/p>\n<\/div><\/div><\/div><\/div><\/div>","protected":false},"excerpt":{"rendered":"","protected":false},"author":2,"featured_media":0,"parent":1347,"menu_order":0,"comment_status":"closed","ping_status":"closed","template":"","meta":{"footnotes":""},"class_list":["post-2506","page","type-page","status-publish","hentry"],"yoast_head":"<!-- This site is optimized with the Yoast SEO plugin v22.8 - https:\/\/yoast.com\/wordpress\/plugins\/seo\/ -->\n<title>Aristarco misura il Sole e la Luna - Vincenzo della Vecchia<\/title>\n<meta name=\"robots\" content=\"index, follow, max-snippet:-1, max-image-preview:large, max-video-preview:-1\" \/>\n<link rel=\"canonical\" href=\"https:\/\/vincenzodellavecchia.it\/en_us\/pillole-astronomiche\/aristarco-misura-il-sole-e-la-luna\/\" \/>\n<meta property=\"og:locale\" content=\"en_US\" \/>\n<meta property=\"og:type\" content=\"article\" \/>\n<meta property=\"og:title\" content=\"Aristarco misura il Sole e la Luna - Vincenzo della Vecchia\" \/>\n<meta property=\"og:url\" content=\"https:\/\/vincenzodellavecchia.it\/en_us\/pillole-astronomiche\/aristarco-misura-il-sole-e-la-luna\/\" \/>\n<meta property=\"og:site_name\" content=\"Vincenzo della Vecchia\" \/>\n<meta property=\"article:modified_time\" content=\"2025-05-29T18:28:55+00:00\" \/>\n<meta name=\"twitter:card\" content=\"summary_large_image\" \/>\n<meta name=\"twitter:label1\" content=\"Est. reading time\" \/>\n\t<meta name=\"twitter:data1\" content=\"9 minutes\" \/>\n<script type=\"application\/ld+json\" class=\"yoast-schema-graph\">{\"@context\":\"https:\/\/schema.org\",\"@graph\":[{\"@type\":\"WebPage\",\"@id\":\"https:\/\/vincenzodellavecchia.it\/pillole-astronomiche\/aristarco-misura-il-sole-e-la-luna\/\",\"url\":\"https:\/\/vincenzodellavecchia.it\/pillole-astronomiche\/aristarco-misura-il-sole-e-la-luna\/\",\"name\":\"Aristarco misura il Sole e la Luna - Vincenzo della Vecchia\",\"isPartOf\":{\"@id\":\"https:\/\/vincenzodellavecchia.it\/#website\"},\"datePublished\":\"2024-01-17T19:44:02+00:00\",\"dateModified\":\"2025-05-29T18:28:55+00:00\",\"breadcrumb\":{\"@id\":\"https:\/\/vincenzodellavecchia.it\/pillole-astronomiche\/aristarco-misura-il-sole-e-la-luna\/#breadcrumb\"},\"inLanguage\":\"en-US\",\"potentialAction\":[{\"@type\":\"ReadAction\",\"target\":[\"https:\/\/vincenzodellavecchia.it\/pillole-astronomiche\/aristarco-misura-il-sole-e-la-luna\/\"]}]},{\"@type\":\"BreadcrumbList\",\"@id\":\"https:\/\/vincenzodellavecchia.it\/pillole-astronomiche\/aristarco-misura-il-sole-e-la-luna\/#breadcrumb\",\"itemListElement\":[{\"@type\":\"ListItem\",\"position\":1,\"name\":\"Home\",\"item\":\"https:\/\/vincenzodellavecchia.it\/\"},{\"@type\":\"ListItem\",\"position\":2,\"name\":\"Pillole astronomiche\",\"item\":\"https:\/\/vincenzodellavecchia.it\/pillole-astronomiche\/\"},{\"@type\":\"ListItem\",\"position\":3,\"name\":\"Aristarco misura il Sole e la Luna\"}]},{\"@type\":\"WebSite\",\"@id\":\"https:\/\/vincenzodellavecchia.it\/#website\",\"url\":\"https:\/\/vincenzodellavecchia.it\/\",\"name\":\"Vincenzo della Vecchia\",\"description\":\"\",\"publisher\":{\"@id\":\"https:\/\/vincenzodellavecchia.it\/#\/schema\/person\/27f35cf670d99558a8b45c9d7d5629c8\"},\"potentialAction\":[{\"@type\":\"SearchAction\",\"target\":{\"@type\":\"EntryPoint\",\"urlTemplate\":\"https:\/\/vincenzodellavecchia.it\/?s={search_term_string}\"},\"query-input\":\"required name=search_term_string\"}],\"inLanguage\":\"en-US\"},{\"@type\":[\"Person\",\"Organization\"],\"@id\":\"https:\/\/vincenzodellavecchia.it\/#\/schema\/person\/27f35cf670d99558a8b45c9d7d5629c8\",\"name\":\"vdellavecchia\",\"image\":{\"@type\":\"ImageObject\",\"inLanguage\":\"en-US\",\"@id\":\"https:\/\/vincenzodellavecchia.it\/#\/schema\/person\/image\/\",\"url\":\"https:\/\/secure.gravatar.com\/avatar\/a563fd84f36e2122ef7f0be2d8033d6c3f4ea87d4895960322b9d77bb0a34a97?s=96&d=mm&r=g\",\"contentUrl\":\"https:\/\/secure.gravatar.com\/avatar\/a563fd84f36e2122ef7f0be2d8033d6c3f4ea87d4895960322b9d77bb0a34a97?s=96&d=mm&r=g\",\"caption\":\"vdellavecchia\"},\"logo\":{\"@id\":\"https:\/\/vincenzodellavecchia.it\/#\/schema\/person\/image\/\"}}]}<\/script>\n<!-- \/ Yoast SEO plugin. -->","yoast_head_json":{"title":"Aristarco misura il Sole e la Luna - Vincenzo della Vecchia","robots":{"index":"index","follow":"follow","max-snippet":"max-snippet:-1","max-image-preview":"max-image-preview:large","max-video-preview":"max-video-preview:-1"},"canonical":"https:\/\/vincenzodellavecchia.it\/en_us\/pillole-astronomiche\/aristarco-misura-il-sole-e-la-luna\/","og_locale":"en_US","og_type":"article","og_title":"Aristarco misura il Sole e la Luna - Vincenzo della Vecchia","og_url":"https:\/\/vincenzodellavecchia.it\/en_us\/pillole-astronomiche\/aristarco-misura-il-sole-e-la-luna\/","og_site_name":"Vincenzo della Vecchia","article_modified_time":"2025-05-29T18:28:55+00:00","twitter_card":"summary_large_image","twitter_misc":{"Est. reading time":"9 minutes"},"schema":{"@context":"https:\/\/schema.org","@graph":[{"@type":"WebPage","@id":"https:\/\/vincenzodellavecchia.it\/pillole-astronomiche\/aristarco-misura-il-sole-e-la-luna\/","url":"https:\/\/vincenzodellavecchia.it\/pillole-astronomiche\/aristarco-misura-il-sole-e-la-luna\/","name":"Aristarco misura il Sole e la Luna - Vincenzo della Vecchia","isPartOf":{"@id":"https:\/\/vincenzodellavecchia.it\/#website"},"datePublished":"2024-01-17T19:44:02+00:00","dateModified":"2025-05-29T18:28:55+00:00","breadcrumb":{"@id":"https:\/\/vincenzodellavecchia.it\/pillole-astronomiche\/aristarco-misura-il-sole-e-la-luna\/#breadcrumb"},"inLanguage":"en-US","potentialAction":[{"@type":"ReadAction","target":["https:\/\/vincenzodellavecchia.it\/pillole-astronomiche\/aristarco-misura-il-sole-e-la-luna\/"]}]},{"@type":"BreadcrumbList","@id":"https:\/\/vincenzodellavecchia.it\/pillole-astronomiche\/aristarco-misura-il-sole-e-la-luna\/#breadcrumb","itemListElement":[{"@type":"ListItem","position":1,"name":"Home","item":"https:\/\/vincenzodellavecchia.it\/"},{"@type":"ListItem","position":2,"name":"Pillole astronomiche","item":"https:\/\/vincenzodellavecchia.it\/pillole-astronomiche\/"},{"@type":"ListItem","position":3,"name":"Aristarco misura il Sole e la Luna"}]},{"@type":"WebSite","@id":"https:\/\/vincenzodellavecchia.it\/#website","url":"https:\/\/vincenzodellavecchia.it\/","name":"Vincenzo della Vecchia","description":"","publisher":{"@id":"https:\/\/vincenzodellavecchia.it\/#\/schema\/person\/27f35cf670d99558a8b45c9d7d5629c8"},"potentialAction":[{"@type":"SearchAction","target":{"@type":"EntryPoint","urlTemplate":"https:\/\/vincenzodellavecchia.it\/?s={search_term_string}"},"query-input":"required name=search_term_string"}],"inLanguage":"en-US"},{"@type":["Person","Organization"],"@id":"https:\/\/vincenzodellavecchia.it\/#\/schema\/person\/27f35cf670d99558a8b45c9d7d5629c8","name":"vdellavecchia","image":{"@type":"ImageObject","inLanguage":"en-US","@id":"https:\/\/vincenzodellavecchia.it\/#\/schema\/person\/image\/","url":"https:\/\/secure.gravatar.com\/avatar\/a563fd84f36e2122ef7f0be2d8033d6c3f4ea87d4895960322b9d77bb0a34a97?s=96&d=mm&r=g","contentUrl":"https:\/\/secure.gravatar.com\/avatar\/a563fd84f36e2122ef7f0be2d8033d6c3f4ea87d4895960322b9d77bb0a34a97?s=96&d=mm&r=g","caption":"vdellavecchia"},"logo":{"@id":"https:\/\/vincenzodellavecchia.it\/#\/schema\/person\/image\/"}}]}},"_links":{"self":[{"href":"https:\/\/vincenzodellavecchia.it\/en_us\/wp-json\/wp\/v2\/pages\/2506","targetHints":{"allow":["GET"]}}],"collection":[{"href":"https:\/\/vincenzodellavecchia.it\/en_us\/wp-json\/wp\/v2\/pages"}],"about":[{"href":"https:\/\/vincenzodellavecchia.it\/en_us\/wp-json\/wp\/v2\/types\/page"}],"author":[{"embeddable":true,"href":"https:\/\/vincenzodellavecchia.it\/en_us\/wp-json\/wp\/v2\/users\/2"}],"replies":[{"embeddable":true,"href":"https:\/\/vincenzodellavecchia.it\/en_us\/wp-json\/wp\/v2\/comments?post=2506"}],"version-history":[{"count":21,"href":"https:\/\/vincenzodellavecchia.it\/en_us\/wp-json\/wp\/v2\/pages\/2506\/revisions"}],"predecessor-version":[{"id":4370,"href":"https:\/\/vincenzodellavecchia.it\/en_us\/wp-json\/wp\/v2\/pages\/2506\/revisions\/4370"}],"up":[{"embeddable":true,"href":"https:\/\/vincenzodellavecchia.it\/en_us\/wp-json\/wp\/v2\/pages\/1347"}],"wp:attachment":[{"href":"https:\/\/vincenzodellavecchia.it\/en_us\/wp-json\/wp\/v2\/media?parent=2506"}],"curies":[{"name":"wp","href":"https:\/\/api.w.org\/{rel}","templated":true}]}}